{"id":963,"date":"2012-11-20T12:25:22","date_gmt":"2012-11-20T11:25:22","guid":{"rendered":"http:\/\/localhost\/atep\/?page_id=15"},"modified":"2023-01-05T16:27:25","modified_gmt":"2023-01-05T15:27:25","slug":"gouvernance-2","status":"publish","type":"page","link":"https:\/\/actiontank.org\/en\/laction-tank\/governance-en-2\/","title":{"rendered":"Governance"},"content":{"rendered":"<div class=\"wpb-content-wrapper\"><p>[vc_row gap=&#8221;3&#8243; equal_height=&#8221;yes&#8221;][vc_column][vc_column_text]<\/p>\n<h2>Our Co-presidents<\/h2>\n<p>[\/vc_column_text][vc_row_inner equal_height=&#8221;yes&#8221; css=&#8221;.vc_custom_1468400118845{margin-top: -20px !important;border-top-width: 1px !important;border-right-width: 1px !important;border-bottom-width: 1px !important;border-left-width: 1px !important;padding-top: -40px !important;border-left-color: #d8d8d8 !important;border-left-style: solid !important;border-right-color: #d8d8d8 !important;border-right-style: solid !important;border-top-color: #d8d8d8 !important;border-top-style: solid !important;border-bottom-color: #d8d8d8 !important;border-bottom-style: solid !important;border-radius: 1px !important;}&#8221;][vc_column_inner width=&#8221;1\/2&#8243; css=&#8221;.vc_custom_1468400147100{margin-top: -30px !important;border-top-width: 1px !important;border-right-width: 1px !important;border-bottom-width: 1px !important;border-left-width: 1px !important;border-left-color: #dddddd !important;border-right-color: #dddddd !important;border-top-color: #dddddd !important;border-bottom-color: #dddddd !important;border-radius: 1px !important;}&#8221;][vc_column_text css=&#8221;.vc_custom_1484676069423{padding-top: 4px !important;padding-right: 30px !important;padding-bottom: 4px !important;padding-left: 4px !important;}&#8221;]<\/p>\n<p style=\"text-align: left;\"><span style=\"color: #000000;\"><img loading=\"lazy\" decoding=\"async\" class=\"size-full wp-image-2343 alignleft\" src=\"https:\/\/actiontank.org\/at-content\/uploads\/2012\/11\/Martin-Hirsch-1.jpg\" alt=\"Martin-Hirsch\" width=\"180\" height=\"230\" \/><\/span><\/p>\n<p style=\"text-align: justify;\"><span style=\"color: #000000;\"><strong>Martin Hirsch<\/strong> <\/span><\/p>\n<p>Chief Executive of the Greater Paris Hospitals (AP-HP), former Head Commissioner in the French Government<\/p>\n<p style=\"text-align: left;\"><span style=\"color: #000000;\">\u00a0<\/span><\/p>\n<p>[\/vc_column_text][\/vc_column_inner][vc_column_inner width=&#8221;1\/2&#8243; css=&#8221;.vc_custom_1468400169337{margin-top: -30px !important;border-top-width: 1px !important;border-right-width: 1px !important;border-bottom-width: 1px !important;border-left-width: 1px !important;border-left-color: #dddddd !important;border-right-color: #dddddd !important;border-top-color: #dddddd !important;border-bottom-color: #dddddd !important;border-radius: 1px !important;}&#8221;][vc_column_text css=&#8221;.vc_custom_1638870362937{padding-top: 4px !important;padding-right: 30px !important;padding-bottom: 4px !important;padding-left: 4px !important;}&#8221;]<span style=\"color: #000000;\"><img loading=\"lazy\" decoding=\"async\" class=\"size-full wp-image-2344 alignleft\" src=\"https:\/\/actiontank.org\/at-content\/uploads\/2012\/11\/Emmanuel-faber-1.jpg\" alt=\"Emmanuel-faber\" width=\"180\" height=\"230\" \/><\/span><\/p>\n<p style=\"text-align: left;\"><span style=\"color: #000000;\"><strong>Emmanuel Faber<\/strong> <\/span><\/p>\n<p>Partner at Astanor Ventures<\/p>\n<p>Former CEO, Danone SA[\/vc_column_text][\/vc_column_inner][\/vc_row_inner][vc_separator color=&#8221;white&#8221;][\/vc_column][\/vc_row][vc_row][vc_column][vc_column_text]<\/p>\n<h2>The Action Tank board<\/h2>\n<p>[\/vc_column_text][\/vc_column][\/vc_row][vc_row gap=&#8221;10&#8243; equal_height=&#8221;yes&#8221; el_class=&#8221;photo-align&#8221;][vc_column width=&#8221;1\/4&#8243; css=&#8221;.vc_custom_1468404331449{border-top-width: 1px !important;border-right-width: 1px !important;border-bottom-width: 1px !important;border-left-width: 1px !important;padding-top: 10px !important;border-left-color: #d6d6d6 !important;border-left-style: solid !important;border-right-color: #d6d6d6 !important;border-right-style: solid !important;border-top-color: #d6d6d6 !important;border-top-style: solid !important;border-bottom-color: #d6d6d6 !important;border-bottom-style: solid !important;border-radius: 1px !important;}&#8221;][vc_row_inner css=&#8221;.vc_custom_1468404092949{margin-top: 5px !important;margin-right: 5px !important;margin-bottom: 5px !important;margin-left: 5px !important;border-top-width: 2px !important;border-right-width: 2px !important;border-bottom-width: 2px !important;border-left-width: 2px !important;padding-top: 0px !important;border-radius: 2px !important;}&#8221;][vc_column_inner css=&#8221;.vc_custom_1468404381415{margin-right: 0px !important;margin-left: 0px !important;border-top-width: 1px !important;border-right-width: 1px !important;border-bottom-width: 1px !important;border-left-width: 1px !important;padding-top: 0px !important;padding-right: 0px !important;padding-left: 0px !important;border-left-color: #aaaaaa !important;border-right-color: #aaaaaa !important;border-top-color: #aaaaaa !important;border-bottom-color: #aaaaaa !important;}&#8221;][vc_single_image image=&#8221;2392&#8243; img_size=&#8221;medium&#8221; alignment=&#8221;center&#8221; css=&#8221;.vc_custom_1468399024275{margin-top: 0px !important;margin-right: 0px !important;margin-bottom: 0px !important;margin-left: 0px !important;border-top-width: 0px !important;border-right-width: 0px !important;border-bottom-width: 0px !important;border-left-width: 0px !important;padding-top: 0px !important;padding-right: 0px !important;padding-bottom: 0px !important;padding-left: 0px !important;}&#8221;][\/vc_column_inner][\/vc_row_inner][vc_separator color=&#8221;white&#8221;][vc_column_text css=&#8221;.vc_custom_1618936182644{background-color: #ffffff !important;}&#8221;]<\/p>\n<p style=\"text-align: left;\"><span style=\"color: #000000;\"><strong>Bouygues Habitat Social Ile-de-France<\/strong><\/span><\/p>\n<p style=\"text-align: left;\"><span style=\"color: #000000;\">represented by Daniel Lopes, Chief Executive Officer<\/span><\/p>\n<p>[\/vc_column_text][\/vc_column][vc_column width=&#8221;1\/4&#8243; css=&#8221;.vc_custom_1468404539953{border-top-width: 1px !important;border-right-width: 1px !important;border-bottom-width: 1px !important;border-left-width: 1px !important;padding-top: 10px !important;border-left-color: #cecece !important;border-left-style: solid !important;border-right-color: #cecece !important;border-right-style: solid !important;border-top-color: #cecece !important;border-top-style: solid !important;border-bottom-color: #cecece !important;border-bottom-style: solid !important;border-radius: 1px !important;}&#8221;][vc_row_inner equal_height=&#8221;yes&#8221; css=&#8221;.vc_custom_1468404439696{border-top-width: 0px !important;border-bottom-width: 0px !important;border-left-width: 0px !important;padding-top: 0px !important;border-left-color: #dbdbdb !important;border-left-style: solid !important;border-top-color: #dbdbdb !important;border-top-style: solid !important;border-bottom-color: #dbdbdb !important;border-bottom-style: solid !important;border-radius: 1px !important;}&#8221;][vc_column_inner css=&#8221;.vc_custom_1468404432486{margin-right: 0px !important;margin-left: 0px !important;border-top-width: 1px !important;border-right-width: 1px !important;border-bottom-width: 1px !important;border-left-width: 1px !important;padding-top: 0px !important;padding-right: 0px !important;padding-left: 0px !important;border-left-color: #aaaaaa !important;border-right-color: #aaaaaa !important;border-top-color: #aaaaaa !important;border-bottom-color: #aaaaaa !important;}&#8221;][vc_single_image image=&#8221;3358&#8243; img_size=&#8221;medium&#8221; alignment=&#8221;center&#8221; css=&#8221;.vc_custom_1618936483349{margin-top: 0px !important;margin-right: 0px !important;margin-bottom: 0px !important;margin-left: 0px !important;border-top-width: 0px !important;border-right-width: 0px !important;border-bottom-width: 0px !important;border-left-width: 0px !important;padding-top: 0px !important;padding-right: 0px !important;padding-bottom: 0px !important;padding-left: 0px !important;}&#8221;][\/vc_column_inner][\/vc_row_inner][vc_separator color=&#8221;white&#8221;][vc_column_text css=&#8221;.vc_custom_1618936504236{background-color: #ffffff !important;}&#8221;]<\/p>\n<p style=\"text-align: left;\"><span style=\"color: #000000;\"><strong>Air Liquide France Industrie<\/strong><\/span><\/p>\n<p style=\"text-align: left;\"><span style=\"color: #000000;\">Represented by Louis-Fran\u00e7ois Richard, CEO<\/span><\/p>\n<p>[\/vc_column_text][\/vc_column][vc_column width=&#8221;1\/4&#8243; css=&#8221;.vc_custom_1468404545606{border-top-width: 1px !important;border-right-width: 1px !important;border-bottom-width: 1px !important;border-left-width: 1px !important;padding-top: 10px !important;border-left-color: #cecece !important;border-left-style: solid !important;border-right-color: #cecece !important;border-right-style: solid !important;border-top-color: #cecece !important;border-top-style: solid !important;border-bottom-color: #cecece !important;border-bottom-style: solid !important;border-radius: 1px !important;}&#8221;][vc_row_inner equal_height=&#8221;yes&#8221;][vc_column_inner css=&#8221;.vc_custom_1467644104981{margin-right: 0px !important;margin-left: 0px !important;border-top-width: 1px !important;border-right-width: 1px !important;border-bottom-width: 1px !important;border-left-width: 1px !important;padding-right: 0px !important;padding-left: 0px !important;border-left-color: #aaaaaa !important;border-right-color: #aaaaaa !important;border-top-color: #aaaaaa !important;border-bottom-color: #aaaaaa !important;}&#8221;][vc_single_image image=&#8221;2181&#8243; img_size=&#8221;medium&#8221; alignment=&#8221;center&#8221; css=&#8221;.vc_custom_1468398702331{margin-top: 0px !important;margin-right: 0px !important;margin-bottom: 0px !important;margin-left: 0px !important;border-top-width: 0px !important;border-right-width: 0px !important;border-bottom-width: 0px !important;border-left-width: 0px !important;padding-top: 0px !important;padding-right: 0px !important;padding-bottom: 0px !important;padding-left: 0px !important;}&#8221;][\/vc_column_inner][\/vc_row_inner][vc_separator color=&#8221;white&#8221;][vc_column_text css=&#8221;.vc_custom_1618936429008{background-color: #ffffff !important;}&#8221;]<\/p>\n<p style=\"text-align: justify;\"><span style=\"color: #000000;\"><strong>Renault<\/strong><\/span><\/p>\n<p style=\"text-align: left;\"><span style=\"color: #000000;\">represented by Xavier Pacini, Head of CSR<\/span><\/p>\n<p>[\/vc_column_text][\/vc_column][vc_column width=&#8221;1\/4&#8243; css=&#8221;.vc_custom_1468404551133{border-top-width: 1px !important;border-right-width: 1px !important;border-bottom-width: 1px !important;border-left-width: 1px !important;padding-top: 10px !important;border-left-color: #d8d8d8 !important;border-left-style: solid !important;border-right-color: #d8d8d8 !important;border-right-style: solid !important;border-top-color: #d8d8d8 !important;border-top-style: solid !important;border-bottom-color: #d8d8d8 !important;border-bottom-style: solid !important;border-radius: 1px !important;}&#8221;][vc_row_inner][vc_column_inner css=&#8221;.vc_custom_1467644104981{margin-right: 0px !important;margin-left: 0px !important;border-top-width: 1px !important;border-right-width: 1px !important;border-bottom-width: 1px !important;border-left-width: 1px !important;padding-right: 0px !important;padding-left: 0px !important;border-left-color: #aaaaaa !important;border-right-color: #aaaaaa !important;border-top-color: #aaaaaa !important;border-bottom-color: #aaaaaa !important;}&#8221;][vc_single_image image=&#8221;933&#8243; img_size=&#8221;medium&#8221; alignment=&#8221;center&#8221; css=&#8221;.vc_custom_1468398870292{margin-top: 0px !important;margin-right: 0px !important;margin-bottom: 0px !important;margin-left: 0px !important;border-top-width: 0px !important;border-right-width: 0px !important;border-bottom-width: 0px !important;border-left-width: 0px !important;padding-top: 0px !important;padding-right: 0px !important;padding-bottom: 0px !important;padding-left: 0px !important;}&#8221;][\/vc_column_inner][\/vc_row_inner][vc_separator color=&#8221;white&#8221;][vc_column_text css=&#8221;.vc_custom_1618936406702{background-color: #ffffff !important;}&#8221;]<\/p>\n<p style=\"text-align: justify;\"><span style=\"color: #000000;\"><strong>Schneider Electric SA<\/strong><\/span><\/p>\n<p style=\"text-align: left;\"><span style=\"color: #000000;\">represented by Gilles Vermot-Desroches, Senior VP Citizenship &amp; Institutionnal Relations<\/span><\/p>\n<p>[\/vc_column_text][\/vc_column][\/vc_row][vc_row gap=&#8221;10&#8243; equal_height=&#8221;yes&#8221; el_class=&#8221;photo-align&#8221;][vc_column width=&#8221;1\/4&#8243; css=&#8221;.vc_custom_1468397936093{border-top-width: 1px !important;border-right-width: 1px !important;border-bottom-width: 1px !important;border-left-width: 1px !important;border-left-color: #d6d6d6 !important;border-left-style: solid !important;border-right-color: #d6d6d6 !important;border-right-style: solid !important;border-top-color: #d6d6d6 !important;border-top-style: solid !important;border-bottom-color: #d6d6d6 !important;border-bottom-style: solid !important;border-radius: 1px !important;}&#8221;][vc_row_inner css=&#8221;.vc_custom_1468397812292{margin-top: 5px !important;margin-right: 5px !important;margin-bottom: 5px !important;margin-left: 5px !important;border-top-width: 2px !important;border-right-width: 2px !important;border-bottom-width: 2px !important;border-left-width: 2px !important;border-radius: 2px !important;}&#8221;][vc_column_inner css=&#8221;.vc_custom_1467644104981{margin-right: 0px !important;margin-left: 0px !important;border-top-width: 1px !important;border-right-width: 1px !important;border-bottom-width: 1px !important;border-left-width: 1px !important;padding-right: 0px !important;padding-left: 0px !important;border-left-color: #aaaaaa !important;border-right-color: #aaaaaa !important;border-top-color: #aaaaaa !important;border-bottom-color: #aaaaaa !important;}&#8221;][vc_single_image image=&#8221;3774&#8243; img_size=&#8221;medium&#8221; alignment=&#8221;center&#8221; css=&#8221;.vc_custom_1629186997916{margin-top: 0px !important;margin-right: 0px !important;margin-bottom: 0px !important;margin-left: 0px !important;border-top-width: 0px !important;border-right-width: 0px !important;border-bottom-width: 0px !important;border-left-width: 0px !important;padding-top: 0px !important;padding-right: 0px !important;padding-bottom: 0px !important;padding-left: 0px !important;}&#8221;][\/vc_column_inner][\/vc_row_inner][vc_separator color=&#8221;white&#8221;][vc_column_text css=&#8221;.vc_custom_1629187074300{background-color: #ffffff !important;}&#8221;]<\/p>\n<p style=\"text-align: justify;\"><span style=\"color: #000000;\"><strong>Orange<\/strong><\/span><\/p>\n<p style=\"text-align: left;\"><span style=\"color: #000000;\">represented by Ga\u00eblle Le Vu, Head of Communication &amp; CSR<br \/>\n<\/span><\/p>\n<p>[\/vc_column_text][\/vc_column][vc_column width=&#8221;1\/4&#8243; css=&#8221;.vc_custom_1468398510678{border-top-width: 1px !important;border-right-width: 1px !important;border-bottom-width: 1px !important;border-left-width: 1px !important;border-left-color: #cecece !important;border-left-style: solid !important;border-right-color: #cecece !important;border-right-style: solid !important;border-top-color: #cecece !important;border-top-style: solid !important;border-bottom-color: #cecece !important;border-bottom-style: solid !important;border-radius: 1px !important;}&#8221;][vc_row_inner equal_height=&#8221;yes&#8221; css=&#8221;.vc_custom_1468398528877{border-top-width: 0px !important;border-bottom-width: 0px !important;border-left-width: 0px !important;border-left-color: #dbdbdb !important;border-left-style: solid !important;border-top-color: #dbdbdb !important;border-top-style: solid !important;border-bottom-color: #dbdbdb !important;border-bottom-style: solid !important;border-radius: 1px !important;}&#8221;][vc_column_inner css=&#8221;.vc_custom_1467644104981{margin-right: 0px !important;margin-left: 0px !important;border-top-width: 1px !important;border-right-width: 1px !important;border-bottom-width: 1px !important;border-left-width: 1px !important;padding-right: 0px !important;padding-left: 0px !important;border-left-color: #aaaaaa !important;border-right-color: #aaaaaa !important;border-top-color: #aaaaaa !important;border-bottom-color: #aaaaaa !important;}&#8221;][vc_single_image image=&#8221;3981&#8243; img_size=&#8221;medium&#8221; alignment=&#8221;center&#8221; css=&#8221;.vc_custom_1638870387565{margin-top: 0px !important;margin-right: 0px !important;margin-bottom: 0px !important;margin-left: 0px !important;border-top-width: 0px !important;border-right-width: 0px !important;border-bottom-width: 0px !important;border-left-width: 0px !important;padding-top: 0px !important;padding-right: 0px !important;padding-bottom: 0px !important;padding-left: 0px !important;}&#8221;][\/vc_column_inner][\/vc_row_inner][vc_separator color=&#8221;white&#8221;][vc_column_text]<\/p>\n<p style=\"text-align: justify;\"><span style=\"color: #000000;\"><strong>Total<\/strong><\/span><\/p>\n<p style=\"text-align: left;\"><span style=\"color: #000000;\">represented by Mano\u00eblle Lepoutre, Head of Civil Engagement<\/span><\/p>\n<p>[\/vc_column_text][\/vc_column][vc_column width=&#8221;1\/4&#8243; css=&#8221;.vc_custom_1468398631550{border-top-width: 1px !important;border-right-width: 1px !important;border-bottom-width: 1px !important;border-left-width: 1px !important;border-left-color: #cecece !important;border-left-style: solid !important;border-right-color: #cecece !important;border-right-style: solid !important;border-top-color: #cecece !important;border-top-style: solid !important;border-bottom-color: #cecece !important;border-bottom-style: solid !important;border-radius: 1px !important;}&#8221;][vc_row_inner equal_height=&#8221;yes&#8221;][vc_column_inner css=&#8221;.vc_custom_1467644104981{margin-right: 0px !important;margin-left: 0px !important;border-top-width: 1px !important;border-right-width: 1px !important;border-bottom-width: 1px !important;border-left-width: 1px !important;padding-right: 0px !important;padding-left: 0px !important;border-left-color: #aaaaaa !important;border-right-color: #aaaaaa !important;border-top-color: #aaaaaa !important;border-bottom-color: #aaaaaa !important;}&#8221;][vc_single_image image=&#8221;929&#8243; img_size=&#8221;medium&#8221; alignment=&#8221;center&#8221; css=&#8221;.vc_custom_1468399113662{margin-top: 0px !important;margin-right: 0px !important;margin-bottom: 0px !important;margin-left: 0px !important;border-top-width: 0px !important;border-right-width: 0px !important;border-bottom-width: 0px !important;border-left-width: 0px !important;padding-top: 0px !important;padding-right: 0px !important;padding-bottom: 0px !important;padding-left: 0px !important;}&#8221;][\/vc_column_inner][\/vc_row_inner][vc_separator color=&#8221;white&#8221;][vc_column_text]<\/p>\n<p style=\"text-align: justify;\"><span style=\"color: #000000;\"><strong>Veolia<\/strong><\/span><\/p>\n<p style=\"text-align: left;\"><span style=\"color: #000000;\">represented by<\/span><span style=\"color: #000000;\"> Carine Kraus, Executive director Sustainable Development &amp; Public affairs<\/span><\/p>\n<p>[\/vc_column_text][\/vc_column][vc_column width=&#8221;1\/4&#8243; css=&#8221;.vc_custom_1468398788197{border-top-width: 1px !important;border-right-width: 1px !important;border-bottom-width: 1px !important;border-left-width: 1px !important;border-left-color: #d8d8d8 !important;border-left-style: solid !important;border-right-color: #d8d8d8 !important;border-right-style: solid !important;border-top-color: #d8d8d8 !important;border-top-style: solid !important;border-bottom-color: #d8d8d8 !important;border-bottom-style: solid !important;border-radius: 1px !important;}&#8221;][vc_row_inner][vc_column_inner css=&#8221;.vc_custom_1467644104981{margin-right: 0px !important;margin-left: 0px !important;border-top-width: 1px !important;border-right-width: 1px !important;border-bottom-width: 1px !important;border-left-width: 1px !important;padding-right: 0px !important;padding-left: 0px !important;border-left-color: #aaaaaa !important;border-right-color: #aaaaaa !important;border-top-color: #aaaaaa !important;border-bottom-color: #aaaaaa !important;}&#8221;][vc_single_image image=&#8221;2263&#8243; img_size=&#8221;medium&#8221; alignment=&#8221;center&#8221; css=&#8221;.vc_custom_1468399134819{margin-top: 0px !important;margin-right: 0px !important;margin-bottom: 0px !important;margin-left: 0px !important;border-top-width: 0px !important;border-right-width: 0px !important;border-bottom-width: 0px !important;border-left-width: 0px !important;padding-top: 0px !important;padding-right: 0px !important;padding-bottom: 0px !important;padding-left: 0px !important;}&#8221;][\/vc_column_inner][\/vc_row_inner][vc_separator color=&#8221;white&#8221;][vc_column_text]<\/p>\n<p style=\"text-align: justify;\"><span style=\"color: #ffffff;\"><span style=\"color: #000000;\"><strong>French Red Cross<\/strong><\/span><\/span><\/p>\n<p style=\"text-align: justify;\"><span style=\"color: #ffffff;\"><span style=\"color: #000000;\">represented by Fran\u00e7oise Fromageau, President of the Red Cross Foundation and regional delegate for French Brittany<\/span><br \/>\n<\/span><\/p>\n<p>[\/vc_column_text][\/vc_column][\/vc_row][vc_row gap=&#8221;10&#8243; equal_height=&#8221;yes&#8221; el_class=&#8221;photo-align&#8221;][vc_column width=&#8221;1\/4&#8243; css=&#8221;.vc_custom_1468397936093{border-top-width: 1px !important;border-right-width: 1px !important;border-bottom-width: 1px !important;border-left-width: 1px !important;border-left-color: #d6d6d6 !important;border-left-style: solid !important;border-right-color: #d6d6d6 !important;border-right-style: solid !important;border-top-color: #d6d6d6 !important;border-top-style: solid !important;border-bottom-color: #d6d6d6 !important;border-bottom-style: solid !important;border-radius: 1px !important;}&#8221;][vc_row_inner css=&#8221;.vc_custom_1468397812292{margin-top: 5px !important;margin-right: 5px !important;margin-bottom: 5px !important;margin-left: 5px !important;border-top-width: 2px !important;border-right-width: 2px !important;border-bottom-width: 2px !important;border-left-width: 2px !important;border-radius: 2px !important;}&#8221;][vc_column_inner css=&#8221;.vc_custom_1467644104981{margin-right: 0px !important;margin-left: 0px !important;border-top-width: 1px !important;border-right-width: 1px !important;border-bottom-width: 1px !important;border-left-width: 1px !important;padding-right: 0px !important;padding-left: 0px !important;border-left-color: #aaaaaa !important;border-right-color: #aaaaaa !important;border-top-color: #aaaaaa !important;border-bottom-color: #aaaaaa !important;}&#8221;][vc_single_image image=&#8221;2345&#8243; img_size=&#8221;medium&#8221; alignment=&#8221;center&#8221; css=&#8221;.vc_custom_1638870508380{margin-top: 0px !important;margin-right: 0px !important;margin-bottom: 0px !important;margin-left: 0px !important;border-top-width: 0px !important;border-right-width: 0px !important;border-bottom-width: 0px !important;border-left-width: 0px !important;padding-top: 0px !important;padding-right: 0px !important;padding-bottom: 0px !important;padding-left: 0px !important;}&#8221;][\/vc_column_inner][\/vc_row_inner][vc_separator color=&#8221;white&#8221;][vc_column_text css=&#8221;.vc_custom_1638870544662{background-color: #ffffff !important;}&#8221;]<\/p>\n<p style=\"text-align: justify;\"><span style=\"color: #000000;\"><strong>Saskia Bruysten<\/strong><\/span><\/p>\n<p style=\"text-align: left;\"><span style=\"color: #000000;\">Director of Yunus Social Business<br \/>\n<\/span><\/p>\n<p>[\/vc_column_text][\/vc_column][vc_column width=&#8221;1\/4&#8243; css=&#8221;.vc_custom_1468398510678{border-top-width: 1px !important;border-right-width: 1px !important;border-bottom-width: 1px !important;border-left-width: 1px !important;border-left-color: #cecece !important;border-left-style: solid !important;border-right-color: #cecece !important;border-right-style: solid !important;border-top-color: #cecece !important;border-top-style: solid !important;border-bottom-color: #cecece !important;border-bottom-style: solid !important;border-radius: 1px !important;}&#8221;][vc_row_inner equal_height=&#8221;yes&#8221; css=&#8221;.vc_custom_1468398528877{border-top-width: 0px !important;border-bottom-width: 0px !important;border-left-width: 0px !important;border-left-color: #dbdbdb !important;border-left-style: solid !important;border-top-color: #dbdbdb !important;border-top-style: solid !important;border-bottom-color: #dbdbdb !important;border-bottom-style: solid !important;border-radius: 1px !important;}&#8221;][vc_column_inner css=&#8221;.vc_custom_1467644104981{margin-right: 0px !important;margin-left: 0px !important;border-top-width: 1px !important;border-right-width: 1px !important;border-bottom-width: 1px !important;border-left-width: 1px !important;padding-right: 0px !important;padding-left: 0px !important;border-left-color: #aaaaaa !important;border-right-color: #aaaaaa !important;border-top-color: #aaaaaa !important;border-bottom-color: #aaaaaa !important;}&#8221;][vc_single_image image=&#8221;2346&#8243; img_size=&#8221;medium&#8221; alignment=&#8221;center&#8221; css=&#8221;.vc_custom_1638870616417{margin-top: 0px !important;margin-right: 0px !important;margin-bottom: 0px !important;margin-left: 0px !important;border-top-width: 0px !important;border-right-width: 0px !important;border-bottom-width: 0px !important;border-left-width: 0px !important;padding-top: 0px !important;padding-right: 0px !important;padding-bottom: 0px !important;padding-left: 0px !important;}&#8221;][\/vc_column_inner][\/vc_row_inner][vc_separator color=&#8221;white&#8221;][vc_column_text]<\/p>\n<p style=\"text-align: justify;\"><span style=\"color: #000000;\"><strong>Fran\u00e7ois Dalens<\/strong><\/span><\/p>\n<p style=\"text-align: left;\"><span style=\"color: #000000;\">Senior Partners &amp; Managing Dircetor, BCG<\/span><\/p>\n<p>[\/vc_column_text][\/vc_column][vc_column width=&#8221;1\/4&#8243; css=&#8221;.vc_custom_1468398631550{border-top-width: 1px !important;border-right-width: 1px !important;border-bottom-width: 1px !important;border-left-width: 1px !important;border-left-color: #cecece !important;border-left-style: solid !important;border-right-color: #cecece !important;border-right-style: solid !important;border-top-color: #cecece !important;border-top-style: solid !important;border-bottom-color: #cecece !important;border-bottom-style: solid !important;border-radius: 1px !important;}&#8221;][vc_row_inner equal_height=&#8221;yes&#8221;][vc_column_inner css=&#8221;.vc_custom_1467644104981{margin-right: 0px !important;margin-left: 0px !important;border-top-width: 1px !important;border-right-width: 1px !important;border-bottom-width: 1px !important;border-left-width: 1px !important;padding-right: 0px !important;padding-left: 0px !important;border-left-color: #aaaaaa !important;border-right-color: #aaaaaa !important;border-top-color: #aaaaaa !important;border-bottom-color: #aaaaaa !important;}&#8221;][vc_single_image image=&#8221;3441&#8243; img_size=&#8221;medium&#8221; alignment=&#8221;center&#8221; css=&#8221;.vc_custom_1638870683748{margin-top: 0px !important;margin-right: 0px !important;margin-bottom: 0px !important;margin-left: 0px !important;border-top-width: 0px !important;border-right-width: 0px !important;border-bottom-width: 0px !important;border-left-width: 0px !important;padding-top: 0px !important;padding-right: 0px !important;padding-bottom: 0px !important;padding-left: 0px !important;}&#8221;][\/vc_column_inner][\/vc_row_inner][vc_separator color=&#8221;white&#8221;][vc_column_text]<\/p>\n<p style=\"text-align: justify;\"><span style=\"color: #000000;\"><strong>Jean Bass\u00e8res<\/strong><\/span><\/p>\n<p style=\"text-align: left;\"><span style=\"color: #000000;\">Directeur\u00a0 g\u00e9n\u00e9ral de P\u00f4le Emploi<\/span><\/p>\n<p>[\/vc_column_text][\/vc_column][vc_column width=&#8221;1\/4&#8243; css=&#8221;.vc_custom_1468398788197{border-top-width: 1px !important;border-right-width: 1px !important;border-bottom-width: 1px !important;border-left-width: 1px !important;border-left-color: #d8d8d8 !important;border-left-style: solid !important;border-right-color: #d8d8d8 !important;border-right-style: solid !important;border-top-color: #d8d8d8 !important;border-top-style: solid !important;border-bottom-color: #d8d8d8 !important;border-bottom-style: solid !important;border-radius: 1px !important;}&#8221;][vc_row_inner][vc_column_inner css=&#8221;.vc_custom_1467644104981{margin-right: 0px !important;margin-left: 0px !important;border-top-width: 1px !important;border-right-width: 1px !important;border-bottom-width: 1px !important;border-left-width: 1px !important;padding-right: 0px !important;padding-left: 0px !important;border-left-color: #aaaaaa !important;border-right-color: #aaaaaa !important;border-top-color: #aaaaaa !important;border-bottom-color: #aaaaaa !important;}&#8221;][vc_single_image image=&#8221;3443&#8243; img_size=&#8221;medium&#8221; alignment=&#8221;center&#8221; css=&#8221;.vc_custom_1638870933725{margin-top: 0px !important;margin-right: 0px !important;margin-bottom: 0px !important;margin-left: 0px !important;border-top-width: 0px !important;border-right-width: 0px !important;border-bottom-width: 0px !important;border-left-width: 0px !important;padding-top: 0px !important;padding-right: 0px !important;padding-bottom: 0px !important;padding-left: 0px !important;}&#8221;][\/vc_column_inner][\/vc_row_inner][vc_separator color=&#8221;white&#8221;][vc_column_text]<\/p>\n<p style=\"text-align: justify;\"><span style=\"color: #ffffff;\"><span style=\"color: #000000;\"><strong>Jean-Christophe Perraud<\/strong><\/span><\/span><\/p>\n<p style=\"text-align: left;\"><span style=\"color: #ffffff;\"><span style=\"color: #000000;\">independent &#8211; former CEO of Bouygues Energie &amp; Services<\/span><\/span><\/p>\n<p>[\/vc_column_text][\/vc_column][\/vc_row][vc_row gap=&#8221;10&#8243; equal_height=&#8221;yes&#8221; css=&#8221;.vc_custom_1618936730504{border-top-width: 0px !important;border-right-width: 0px !important;border-bottom-width: 0px !important;border-left-width: 0px !important;}&#8221; el_class=&#8221;photo-align&#8221;][vc_column width=&#8221;1\/4&#8243; css=&#8221;.vc_custom_1468399476893{border-top-width: 1px !important;border-right-width: 1px !important;border-bottom-width: 1px !important;border-left-width: 1px !important;border-left-color: #d8d8d8 !important;border-left-style: solid !important;border-right-color: #d8d8d8 !important;border-right-style: solid !important;border-top-color: #d8d8d8 !important;border-top-style: solid !important;border-bottom-color: #d8d8d8 !important;border-bottom-style: solid !important;border-radius: 1px !important;}&#8221;][vc_row_inner][vc_column_inner css=&#8221;.vc_custom_1467644104981{margin-right: 0px !important;margin-left: 0px !important;border-top-width: 1px !important;border-right-width: 1px !important;border-bottom-width: 1px !important;border-left-width: 1px !important;padding-right: 0px !important;padding-left: 0px !important;border-left-color: #aaaaaa !important;border-right-color: #aaaaaa !important;border-top-color: #aaaaaa !important;border-bottom-color: #aaaaaa !important;}&#8221;][vc_single_image image=&#8221;4004&#8243; img_size=&#8221;medium&#8221; alignment=&#8221;center&#8221; css=&#8221;.vc_custom_1638870972175{margin-top: 0px !important;margin-right: 0px !important;margin-bottom: 0px !important;margin-left: 0px !important;border-top-width: 0px !important;border-right-width: 0px !important;border-bottom-width: 0px !important;border-left-width: 0px !important;padding-top: 0px !important;padding-right: 0px !important;padding-bottom: 0px !important;padding-left: 0px !important;}&#8221;][\/vc_column_inner][\/vc_row_inner][vc_separator color=&#8221;white&#8221;][vc_column_text]<\/p>\n<p style=\"text-align: justify;\"><span style=\"color: #000000;\"><b>Denis Machuel<\/b><\/span><\/p>\n<p>Board Member, Kyndryl<br \/>\nFormerCEO, Sodexo[\/vc_column_text][\/vc_column][vc_column width=&#8221;1\/4&#8243; css=&#8221;.vc_custom_1468399586458{border-top-width: 1px !important;border-right-width: 1px !important;border-bottom-width: 1px !important;border-left-width: 1px !important;border-left-color: #d8d8d8 !important;border-left-style: solid !important;border-right-color: #d8d8d8 !important;border-right-style: solid !important;border-top-color: #d8d8d8 !important;border-top-style: solid !important;border-bottom-color: #d8d8d8 !important;border-bottom-style: solid !important;border-radius: 1px !important;}&#8221;][vc_row_inner][vc_column_inner css=&#8221;.vc_custom_1467644104981{margin-right: 0px !important;margin-left: 0px !important;border-top-width: 1px !important;border-right-width: 1px !important;border-bottom-width: 1px !important;border-left-width: 1px !important;padding-right: 0px !important;padding-left: 0px !important;border-left-color: #aaaaaa !important;border-right-color: #aaaaaa !important;border-top-color: #aaaaaa !important;border-bottom-color: #aaaaaa !important;}&#8221;][vc_single_image image=&#8221;3978&#8243; img_size=&#8221;medium&#8221; alignment=&#8221;center&#8221; css=&#8221;.vc_custom_1638871015436{margin-top: 0px !important;margin-right: 0px !important;margin-bottom: 0px !important;margin-left: 0px !important;border-top-width: 0px !important;border-right-width: 0px !important;border-bottom-width: 0px !important;border-left-width: 0px !important;padding-top: 0px !important;padding-right: 0px !important;padding-bottom: 0px !important;padding-left: 0px !important;}&#8221;][\/vc_column_inner][\/vc_row_inner][vc_separator color=&#8221;white&#8221;][vc_column_text]<\/p>\n<p style=\"text-align: justify;\"><span style=\"color: #000000;\"><strong>Danone<br \/>\n<\/strong><\/span><span style=\"color: #000000;\">represented by Bertrand Austruy, Executive VP Human Ressources and General Secretary<\/span><\/p>\n<p>[\/vc_column_text][\/vc_column][vc_column width=&#8221;1\/4&#8243;][\/vc_column][\/vc_row]<\/p>\n<\/div>","protected":false},"excerpt":{"rendered":"<p>Le conseil d\u2019administration est compos\u00e9 de 11 repr\u00e9sentants, issus du monde \u00e9conomique, associatif et des institutions publiques <\/p>\n","protected":false},"author":2,"featured_media":0,"parent":959,"menu_order":40,"comment_status":"closed","ping_status":"closed","template":"page-action-tank.php","meta":{"_acf_changed":false,"footnotes":""},"acf":[],"_links":{"self":[{"href":"https:\/\/actiontank.org\/en\/wp-json\/wp\/v2\/pages\/963"}],"collection":[{"href":"https:\/\/actiontank.org\/en\/wp-json\/wp\/v2\/pages"}],"about":[{"href":"https:\/\/actiontank.org\/en\/wp-json\/wp\/v2\/types\/page"}],"author":[{"embeddable":true,"href":"https:\/\/actiontank.org\/en\/wp-json\/wp\/v2\/users\/2"}],"replies":[{"embeddable":true,"href":"https:\/\/actiontank.org\/en\/wp-json\/wp\/v2\/comments?post=963"}],"version-history":[{"count":112,"href":"https:\/\/actiontank.org\/en\/wp-json\/wp\/v2\/pages\/963\/revisions"}],"predecessor-version":[{"id":4440,"href":"https:\/\/actiontank.org\/en\/wp-json\/wp\/v2\/pages\/963\/revisions\/4440"}],"up":[{"embeddable":true,"href":"https:\/\/actiontank.org\/en\/wp-json\/wp\/v2\/pages\/959"}],"wp:attachment":[{"href":"https:\/\/actiontank.org\/en\/wp-json\/wp\/v2\/media?parent=963"}],"curies":[{"name":"wp","href":"https:\/\/api.w.org\/{rel}","templated":true}]}}